{"version":"1.0","provider_name":"Paris Running Tours","provider_url":"https:\/\/parisrunningtour.com\/fr","author_name":"admin","author_url":"https:\/\/parisrunningtour.com\/fr\/author\/admin\/","title":"Devant le S\u00e9nat Fran\u00e7ais avec Daniel et Wils - Paris Running Tours","type":"rich","width":600,"height":338,"html":"<blockquote class=\"wp-embedded-content\" data-secret=\"cpuu7wWYxi\"><a href=\"https:\/\/parisrunningtour.com\/fr\/devant-le-senat-francais-avec-daniel-et-wils\/\">Devant le S\u00e9nat Fran\u00e7ais avec Daniel et Wils<\/a><\/blockquote><iframe sandbox=\"allow-scripts\" security=\"restricted\" src=\"https:\/\/parisrunningtour.com\/fr\/devant-le-senat-francais-avec-daniel-et-wils\/embed\/#?secret=cpuu7wWYxi\" width=\"600\" height=\"338\" title=\"\u00ab\u00a0Devant le S\u00e9nat Fran\u00e7ais avec Daniel et Wils\u00a0\u00bb &#8212; Paris Running Tours\" data-secret=\"cpuu7wWYxi\" frameborder=\"0\" marginwidth=\"0\" marginheight=\"0\" scrolling=\"no\" class=\"wp-embedded-content\"><\/iframe><script>\n\/*! This file is auto-generated *\/\n!function(d,l){\"use strict\";l.querySelector&&d.addEventListener&&\"undefined\"!=typeof URL&&(d.wp=d.wp||{},d.wp.receiveEmbedMessage||(d.wp.receiveEmbedMessage=function(e){var t=e.data;if((t||t.secret||t.message||t.value)&&!\/[^a-zA-Z0-9]\/.test(t.secret)){for(var s,r,n,a=l.querySelectorAll('iframe[data-secret=\"'+t.secret+'\"]'),o=l.querySelectorAll('blockquote[data-secret=\"'+t.secret+'\"]'),c=new RegExp(\"^https?:$\",\"i\"),i=0;i<o.length;i++)o[i].style.display=\"none\";for(i=0;i<a.length;i++)s=a[i],e.source===s.contentWindow&&(s.removeAttribute(\"style\"),\"height\"===t.message?(1e3<(r=parseInt(t.value,10))?r=1e3:~~r<200&&(r=200),s.height=r):\"link\"===t.message&&(r=new URL(s.getAttribute(\"src\")),n=new URL(t.value),c.test(n.protocol))&&n.host===r.host&&l.activeElement===s&&(d.top.location.href=t.value))}},d.addEventListener(\"message\",d.wp.receiveEmbedMessage,!1),l.addEventListener(\"DOMContentLoaded\",function(){for(var e,t,s=l.querySelectorAll(\"iframe.wp-embedded-content\"),r=0;r<s.length;r++)(t=(e=s[r]).getAttribute(\"data-secret\"))||(t=Math.random().toString(36).substring(2,12),e.src+=\"#?secret=\"+t,e.setAttribute(\"data-secret\",t)),e.contentWindow.postMessage({message:\"ready\",secret:t},\"*\")},!1)))}(window,document);\n\/\/# sourceURL=https:\/\/parisrunningtour.com\/fr\/wp-includes\/js\/wp-embed.min.js\n<\/script>\n","thumbnail_url":"https:\/\/parisrunningtour.com\/fr\/wp-content\/uploads\/sites\/1\/2011\/12\/PRT2011-12-26_03_JardinDuLuxembougSenat.jpg","thumbnail_width":900,"thumbnail_height":900,"description":"Daniel, Wils &#8211; Le S\u00e9nat 9h06 &#8211; Avec Daniel et Wils de New-York (USA), nous avons couru en grande partie sur la rive gauche : le jardin des plantes, les ar\u00e8nes de Lut\u00e8ce, le Panth\u00e9on, la rue Saint-Jacques&#8230; Sur notre chemin, apr\u00e8s avoir descendu la montagne Sainte Genevi\u00e8ve, nous avons travers\u00e9 le jardin du Luxembourg et rencontr\u00e9 le S\u00e9nat. Le S\u00e9nat avec l&rsquo;Assembl\u00e9e Nationale sont les deux chambres qui repr\u00e9sentent le pouvoir l\u00e9gislatif Fran\u00e7ais. Le S\u00e9nat fran\u00e7ais est aussi appel\u00e9 Palais du Luxembourg, lieu o\u00f9 si\u00e8gent les s\u00e9nateurs depuis la r\u00e9volution. Ce palais fut command\u00e9 en 1615 par la r\u00e9gente Marie de M\u00e9dicis, veuve du roi Henri IV et m\u00e8re de Louis XIII. Sur notre trajet, nous avons remarqu\u00e9 au sol de curieux m\u00e9daillons : Ces m\u00e9daillons, au nombre de 135, furent pos\u00e9s \u00e0 Paris en 1994, sur la ligne du m\u00e9ridien de Paris (aujourd&rsquo;hui, nous utilisons le m\u00e9ridien de Greenwich). Ils indiquent la ligne virtuelle Nord-Sud du m\u00e9ridien avec les lettres \u00ab\u00a0N\u00a0\u00bb et \u00ab\u00a0S\u00a0\u00bb. L&rsquo;artiste n\u00e9erlandais Jan Dibbets r\u00e9alisa ainsi l&rsquo;hommage \u00e0 Fran\u00e7ois Arago (1786-1853), scientifique et homme politique fran\u00e7ais.\u00a0 Le m\u00e9ridien de Paris fut \u00e9tabli pour permettre la cr\u00e9ation de l&rsquo;Observatoire astronomique de Paris cr\u00e9\u00e9 en 1667 (Arago fut notamment le directeur de l&rsquo;observatoire de Paris). D&rsquo;ailleurs, en courant dans le jardin du Luxembourg, pr\u00e8s du S\u00e9nat, Daniel nous fit remarquer l&rsquo;Observatoire au loin en regardant au Sud du jardin. Combien de \u00ab\u00a0points Arago\u00a0\u00bb trouverez-vous en parcourant Paris ? Suivez le m\u00e9ridien ! Merci Daniel, merci Wils ! Le circuit du tour :"}